{"id":14367,"date":"2023-10-22T10:46:20","date_gmt":"2023-10-22T08:46:20","guid":{"rendered":"http:\/\/oliveraieducoudon.com\/?post_type=product&#038;p=14367"},"modified":"2025-11-11T17:37:36","modified_gmt":"2025-11-11T16:37:36","slug":"oliviers-grande-taille-contacter-nous","status":"publish","type":"product","link":"https:\/\/oliveraieducoudon.com\/?product=oliviers-grande-taille-contacter-nous","title":{"rendered":"OLIVIER DE GRANDE TAILLE (contactez nous)"},"content":{"rendered":"<h3><span style=\"color: #008000;\"><em><strong>les oliviers\u00a0<\/strong><\/em><\/span><\/h3>\n<p><strong>Ambiance m\u00e9diterran\u00e9enne. Embl\u00e9matique du paysage m\u00e9diterran\u00e9en, l\u2019olivier, appel\u00e9 Olea europaea en latin, est cultiv\u00e9 dans ces r\u00e9gions depuis l\u2019Antiquit\u00e9. Form\u00e9 en demi-tige avec un tronc d\u2019environ 110\/130 cm, c\u2019est un bel arbre tr\u00e8s d\u00e9coratif, attrayant tant par son feuillage persistant vert gris\u00e9 que par sa culture plut\u00f4t facile.<\/strong><\/p>\n<p><strong>Assez rustique (-10\u00b0C), il s\u2019adapte heureusement bien aux climats froids, en pleine terre en situation chaude et abrit\u00e9e ou plus simplement en grand bac, \u00e0 prot\u00e9ger du gel intense ou \u00e0 remiser \u00e0 l\u2019abri en cas de grands froids.<\/strong><\/p>\n<p>On aime d\u2019abord\u00a0<strong>son feuillage persistant allong\u00e9<\/strong>, \u00e0 la couleur caract\u00e9ristique vert gris\u00e9 aux reflets argent\u00e9s, beau tout au long de l\u2019ann\u00e9e. En mai-juin, on appr\u00e9cie aussi\u00a0<strong>sa floraison discr\u00e8te au parfum subtil<\/strong>, aux petites fleurs blanch\u00e2tres r\u00e9unies en grappes. Puis en automne jusqu\u2019\u00e0 l\u2019entr\u00e9e de l\u2019hiver, on adore ses fruits, ses fameuses olives d\u2019abord vertes puis noir violac\u00e9 \u00e0 compl\u00e8te maturit\u00e9.<\/p>\n<p>N\u00e9anmoins,\u00a0<strong>sa floraison comme sa fructification restent al\u00e9atoires voire anecdotiques<\/strong>\u00a0en dehors des r\u00e9gions privil\u00e9gi\u00e9es du pourtour m\u00e9diterran\u00e9en.<\/p>\n<p>Caract\u00e9ris\u00e9 par\u00a0<strong>une croissance mod\u00e9r\u00e9e mais une tr\u00e8s bonne long\u00e9vit\u00e9<\/strong>\u00a0(1000 ans et plus\u00a0!), l\u2019olivier pousse lentement mais s\u00fbrement en petit arbre \u00e0 la silhouette arrondie. Form\u00e9 en demi-tige avec un tronc de 110\/130 cm de hauteur, il peut ais\u00e9ment atteindre\u00a0<strong>3-4 m de haut<\/strong>\u00a0voire plus selon la taille appliqu\u00e9e. M\u00eame son tronc et ses grosses branches sont d\u00e9coratifs gr\u00e2ce \u00e0 leur \u00e9corce grise, d\u2019abord lisse puis craquel\u00e9e avec l\u2019\u00e2ge.<\/p>\n<p><strong>Comment r\u00e9ussir l\u2019olivier \u00bd tige\u00a0?<\/strong><\/p>\n<p><strong>Plut\u00f4t tol\u00e9rant sur la nature du terrain,<\/strong>\u00a0l\u2019olivier aime\u00a0<strong>surtout les sols drainants, profonds et riches en humus<\/strong>. S\u2019il endure bien la s\u00e9cheresse, sa croissance est favoris\u00e9e dans une terre conservant un peu de fra\u00eecheur l\u2019\u00e9t\u00e9. Si votre sol est argileux et\/ou lourd et collant, am\u00e9nagez une sorte de butte en ajoutant du gravier grossier ou de la pouzzolane pour am\u00e9liorer le drainage et \u00e9viter que l\u2019humidit\u00e9 stagne au niveau du collet surtout en hiver.<\/p>\n<p>Placez-le toujours\u00a0<strong>en plein soleil<\/strong>, en situation abrit\u00e9e des vents dominants. Privil\u00e9giez les plantations printani\u00e8res, afin que l\u2019olivier ait le temps n\u00e9cessaire pour s\u2019acclimater avant l\u2019hiver.<\/p>\n<p>L\u2019olivier \u00bd tige s\u2019adapte aussi aux plantations en grand bac, dans un\u00a0<strong>m\u00e9lange bien drain\u00e9 compos\u00e9 de \u00bd terre v\u00e9g\u00e9tale (ou de jardin) et \u00bd terreau pour plantation,<\/strong>\u00a0additionn\u00e9 de graviers, pouzzolane ou tessons de poterie.<\/p>\n<p><strong>Donn\u00e9 r\u00e9sistant au gel jusqu\u2019\u00e0 -10\u00b0C,<\/strong>\u00a0l\u2019olivier peut, en sol bien drain\u00e9 et en situation abrit\u00e9e, endurer un gel ponctuel jusqu\u2019\u00e0 -15\u00b0C. Gardez sous la main un voile d\u2019hivernage afin d\u2019envelopper vote arbre si de fortes gel\u00e9es sont annonc\u00e9es. Il arrive que ses branches d\u00e9p\u00e9rissent par le gel malgr\u00e9 les protections. Heureusement, l\u2019arbre a suffisamment de ressources pour repousser du tronc ou de sa base.<\/p>\n<p><strong>L\u2019entretien de l\u2019olivier est limit\u00e9<\/strong>. Arrosez sans exc\u00e8s les plants cultiv\u00e9es en pot, tout comme les plantations r\u00e9centes en pleine terre. S\u2019il peut se passer de taille, vous pouvez quand m\u00eame couper l\u2019olivier au besoin pour lui donner une silhouette plus r\u00e9guli\u00e8re, ou une forme de gobelet comme pour les arbres fruitiers, en d\u00e9gageant ses branches principales (charpenti\u00e8res). S\u2019il devient trop grand, il supporte facilement une taille plus s\u00e9v\u00e8re, \u00e0 pratiquer en mars-avril de pr\u00e9f\u00e9rence.<\/p>\n<p><strong>O\u00f9 planter l\u2019olivier \u00bd tige\u00a0?<\/strong><\/p>\n<p>En climat doux, l\u2019olivier \u00bd tige est un bel arbre \u00e0 planter au jardin, en\u00a0<strong>isol\u00e9, massifs d\u2019arbres ou d\u2019arbustes, ou en alignements<\/strong>. Son acclimatation est aussi possible dans les jardins urbains, qui b\u00e9n\u00e9ficient souvent d\u2019un microclimat favorable.<\/p>\n<p>Il convient bien s\u00fbr\u00a0<strong>aux plantations en grand bac bien stable<\/strong>\u00a0(attention \u00e0 la prise au vent\u00a0!) et d\u00e9core ainsi terrasses, grands balcons, patios et cours pav\u00e9es, toujours en situation ensoleill\u00e9e et abrit\u00e9e des vents froids.<\/p>\n<p><strong>ATTENTION\u00a0: Plante allergisante par son pollen.<\/strong><\/p>\n<p>&#8211; Peut provoquer une allergie respiratoire par le pollen.<\/p>\n<p>&#8211; Evitez l\u2019exposition des personnes allergiques.<\/p>\n<p><strong>Curiosit\u00e9s:<\/strong>\u00a0Dans la mythologie gr\u00e9co-romaine l&rsquo;olivier sauvage \u00e9tait sacr\u00e9 pour le dieu Apollon. Il a \u00e9t\u00e9 plant\u00e9 devant les temples et des offrandes et des armes anciennes y \u00e9taient accroch\u00e9es \u00e0 leurs branches. En outre, les sceptres des rois et le c\u00e9l\u00e8bre club d&rsquo;Hercule ont \u00e9t\u00e9 faits en bois d&rsquo;olivier.<\/p>\n<p class=\"heading-2\"><strong>D\u00e9tails<\/strong><\/p>\n<div class=\"product-tabArea\">L\u2019Olea Europea ou Olivier d\u2019Europe est un arbre \u00e0 feuillage persistant qui aime le soleil et r\u00e9siste bien \u00e0 la chaleur. Embl\u00e9matique de la M\u00e9diterran\u00e9e, cet arbre \u00e0 l\u2019allure tortur\u00e9e si bien repr\u00e9sent\u00e9 par Van Gogh, poss\u00e8de des petites feuilles verniss\u00e9es \u00e0 la couleur verte argent\u00e9e.<br \/>\nIl produit des fruits connus sous le nom d\u2019olives \u00e0 partir desquels une huile go\u00fbteuse et fruit\u00e9e peut \u00eatre press\u00e9e. En oliveraie ou en isol\u00e9, en pot ou en pleine terre, l\u2019arbre peut \u00eatre cultiv\u00e9 sous diff\u00e9rentes formes telles que tige, demi-tige, quart de tige, bonsa\u00ef, buisson, en espalier, pyramide, spirale ou pompon, pour que chaque jardin ou terrasse puisse profiter de sa pr\u00e9sence.<\/div>\n<div><\/div>\n<div>\n<div>\n<p><strong><span style=\"color: #0000ff;\">L&rsquo;oliveraie peut vous proposer\u00a0diff\u00e9rents\u00a0pots de\u00a0diff\u00e9rentes\u00a0couleurs pour vos plantes <\/span><\/strong><br \/>\n<strong><span style=\"color: #0000ff;\">Ainsi de vous livrer sur simple demande <\/span><\/strong><br \/>\n<strong><span style=\"color: #0000ff;\">Une photo de la plante command\u00e9e vous sera envoy\u00e9e par sms ou mail avant livraison ou retrait\u00a0<\/span><\/strong><\/p>\n<div><strong>Nous contacter pour toutes demandes de devis ou une vari\u00e9t\u00e9\u00a0sp\u00e9cifique nous avons un large choix de plantes a vous proposer<\/strong><\/div>\n<div><span style=\"color: #008000;\"><strong>Devis par mail : oliveraieducoudon@gmail.com ou TEL 0643095220<\/strong><\/span><\/div>\n<\/div>\n<\/div>\n<p>&nbsp;<\/p>\n","protected":false},"excerpt":{"rendered":"<p>les oliviers\u00a0 Ambiance m\u00e9diterran\u00e9enne. Embl\u00e9matique du paysage m\u00e9diterran\u00e9en, l\u2019olivier, appel\u00e9 Olea europaea en latin, est cultiv\u00e9 dans ces r\u00e9gions depuis l\u2019Antiquit\u00e9. Form\u00e9 en demi-tige avec un tronc d\u2019environ 110\/130 cm, c\u2019est un bel arbre tr\u00e8s d\u00e9coratif, attrayant tant par son feuillage persistant vert gris\u00e9 que par sa culture plut\u00f4t facile. Assez rustique (-10\u00b0C), il s\u2019adapte [&hellip;]<\/p>\n","protected":false},"featured_media":14368,"comment_status":"open","ping_status":"closed","template":"","meta":{"om_disable_all_campaigns":false,"_monsterinsights_skip_tracking":false,"_monsterinsights_sitenote_active":false,"_monsterinsights_sitenote_note":"","_monsterinsights_sitenote_category":0,"ocean_post_layout":"","ocean_both_sidebars_style":"","ocean_both_sidebars_content_width":0,"ocean_both_sidebars_sidebars_width":0,"ocean_sidebar":"0","ocean_second_sidebar":"0","ocean_disable_margins":"enable","ocean_add_body_class":"","ocean_shortcode_before_top_bar":"","ocean_shortcode_after_top_bar":"","ocean_shortcode_before_header":"","ocean_shortcode_after_header":"","ocean_has_shortcode":"","ocean_shortcode_after_title":"","ocean_shortcode_before_footer_widgets":"","ocean_shortcode_after_footer_widgets":"","ocean_shortcode_before_footer_bottom":"","ocean_shortcode_after_footer_bottom":"","ocean_display_top_bar":"default","ocean_display_header":"default","ocean_header_style":"","ocean_center_header_left_menu":"0","ocean_custom_header_template":"0","ocean_custom_logo":0,"ocean_custom_retina_logo":0,"ocean_custom_logo_max_width":0,"ocean_custom_logo_tablet_max_width":0,"ocean_custom_logo_mobile_max_width":0,"ocean_custom_logo_max_height":0,"ocean_custom_logo_tablet_max_height":0,"ocean_custom_logo_mobile_max_height":0,"ocean_header_custom_menu":"0","ocean_menu_typo_font_family":"0","ocean_menu_typo_font_subset":"","ocean_menu_typo_font_size":0,"ocean_menu_typo_font_size_tablet":0,"ocean_menu_typo_font_size_mobile":0,"ocean_menu_typo_font_size_unit":"px","ocean_menu_typo_font_weight":"","ocean_menu_typo_font_weight_tablet":"","ocean_menu_typo_font_weight_mobile":"","ocean_menu_typo_transform":"","ocean_menu_typo_transform_tablet":"","ocean_menu_typo_transform_mobile":"","ocean_menu_typo_line_height":0,"ocean_menu_typo_line_height_tablet":0,"ocean_menu_typo_line_height_mobile":0,"ocean_menu_typo_line_height_unit":"","ocean_menu_typo_spacing":0,"ocean_menu_typo_spacing_tablet":0,"ocean_menu_typo_spacing_mobile":0,"ocean_menu_typo_spacing_unit":"","ocean_menu_link_color":"","ocean_menu_link_color_hover":"","ocean_menu_link_color_active":"","ocean_menu_link_background":"","ocean_menu_link_hover_background":"","ocean_menu_link_active_background":"","ocean_menu_social_links_bg":"","ocean_menu_social_hover_links_bg":"","ocean_menu_social_links_color":"","ocean_menu_social_hover_links_color":"","ocean_disable_title":"default","ocean_disable_heading":"default","ocean_post_title":"","ocean_post_subheading":"","ocean_post_title_style":"","ocean_post_title_background_color":"","ocean_post_title_background":0,"ocean_post_title_bg_image_position":"","ocean_post_title_bg_image_attachment":"","ocean_post_title_bg_image_repeat":"","ocean_post_title_bg_image_size":"","ocean_post_title_height":0,"ocean_post_title_bg_overlay":0.5,"ocean_post_title_bg_overlay_color":"","ocean_disable_breadcrumbs":"default","ocean_breadcrumbs_color":"","ocean_breadcrumbs_separator_color":"","ocean_breadcrumbs_links_color":"","ocean_breadcrumbs_links_hover_color":"","ocean_display_footer_widgets":"default","ocean_display_footer_bottom":"default","ocean_custom_footer_template":"0"},"product_brand":[],"product_cat":[47],"product_tag":[],"class_list":{"0":"post-14367","1":"product","2":"type-product","3":"status-publish","4":"has-post-thumbnail","6":"product_cat-les-oliviers","7":"product_shipping_class-produits-non-livrables","9":"entry","10":"has-media","12":"first","13":"instock","14":"taxable","15":"shipping-taxable","16":"purchasable","17":"product-type-variable","18":"has-product-nav","19":"col","20":"span_1_of_4","21":"owp-content-center","22":"owp-thumbs-layout-horizontal","23":"owp-btn-big","24":"owp-tabs-layout-vertical"},"aioseo_notices":[],"jetpack_sharing_enabled":true,"_links":{"self":[{"href":"https:\/\/oliveraieducoudon.com\/index.php?rest_route=\/wp\/v2\/product\/14367","targetHints":{"allow":["GET"]}}],"collection":[{"href":"https:\/\/oliveraieducoudon.com\/index.php?rest_route=\/wp\/v2\/product"}],"about":[{"href":"https:\/\/oliveraieducoudon.com\/index.php?rest_route=\/wp\/v2\/types\/product"}],"replies":[{"embeddable":true,"href":"https:\/\/oliveraieducoudon.com\/index.php?rest_route=%2Fwp%2Fv2%2Fcomments&post=14367"}],"wp:featuredmedia":[{"embeddable":true,"href":"https:\/\/oliveraieducoudon.com\/index.php?rest_route=\/wp\/v2\/media\/14368"}],"wp:attachment":[{"href":"https:\/\/oliveraieducoudon.com\/index.php?rest_route=%2Fwp%2Fv2%2Fmedia&parent=14367"}],"wp:term":[{"taxonomy":"product_brand","embeddable":true,"href":"https:\/\/oliveraieducoudon.com\/index.php?rest_route=%2Fwp%2Fv2%2Fproduct_brand&post=14367"},{"taxonomy":"product_cat","embeddable":true,"href":"https:\/\/oliveraieducoudon.com\/index.php?rest_route=%2Fwp%2Fv2%2Fproduct_cat&post=14367"},{"taxonomy":"product_tag","embeddable":true,"href":"https:\/\/oliveraieducoudon.com\/index.php?rest_route=%2Fwp%2Fv2%2Fproduct_tag&post=14367"}],"curies":[{"name":"wp","href":"https:\/\/api.w.org\/{rel}","templated":true}]}}